{"id":59,"date":"2024-09-12T20:06:14","date_gmt":"2024-09-12T20:06:14","guid":{"rendered":"https:\/\/lareserva.cl\/sitio\/?page_id=59"},"modified":"2024-10-09T02:05:31","modified_gmt":"2024-10-09T02:05:31","slug":"como-llegar","status":"publish","type":"page","link":"https:\/\/lareserva.cl\/sitio\/como-llegar\/","title":{"rendered":"C\u00f3mo llegar"},"content":{"rendered":"\t\t<div data-elementor-type=\"wp-page\" data-elementor-id=\"59\" class=\"elementor elementor-59\">\n\t\t\t\t<div class=\"elementor-element elementor-element-a234608 e-con-full e-flex e-con e-parent\" data-id=\"a234608\" data-element_type=\"container\" data-settings=\"{&quot;background_background&quot;:&quot;classic&quot;}\">\n\t\t<div class=\"elementor-element elementor-element-13e07d9 e-con-full e-flex e-con e-child\" data-id=\"13e07d9\" data-element_type=\"container\">\n\t\t<div class=\"elementor-element elementor-element-5dd4fc6 e-con-full e-flex e-con e-child\" data-id=\"5dd4fc6\" data-element_type=\"container\">\n\t\t\t\t<div class=\"elementor-element elementor-element-87b38b4 elementor-widget elementor-widget-heading\" data-id=\"87b38b4\" data-element_type=\"widget\" data-widget_type=\"heading.default\">\n\t\t\t\t<div class=\"elementor-widget-container\">\n\t\t\t\t\t<h2 class=\"elementor-heading-title elementor-size-default\">Como llegar<\/h2>\t\t\t\t<\/div>\n\t\t\t\t<\/div>\n\t\t\t\t<\/div>\n\t\t<div class=\"elementor-element elementor-element-d23049f e-con-full e-flex e-con e-child\" data-id=\"d23049f\" data-element_type=\"container\">\n\t\t\t\t<\/div>\n\t\t\t\t<\/div>\n\t\t\t\t<\/div>\n\t\t<div class=\"elementor-element elementor-element-54208cb e-flex e-con-boxed e-con e-parent\" data-id=\"54208cb\" data-element_type=\"container\">\n\t\t\t\t\t<div class=\"e-con-inner\">\n\t\t\t\t<div class=\"elementor-element elementor-element-5a4709a elementor-widget elementor-widget-spacer\" data-id=\"5a4709a\" data-element_type=\"widget\" data-widget_type=\"spacer.default\">\n\t\t\t\t<div class=\"elementor-widget-container\">\n\t\t\t\t\t\t\t<div class=\"elementor-spacer\">\n\t\t\t<div class=\"elementor-spacer-inner\"><\/div>\n\t\t<\/div>\n\t\t\t\t\t\t<\/div>\n\t\t\t\t<\/div>\n\t\t\t\t<div class=\"elementor-element elementor-element-d917b7e elementor-widget elementor-widget-heading\" data-id=\"d917b7e\" data-element_type=\"widget\" data-widget_type=\"heading.default\">\n\t\t\t\t<div class=\"elementor-widget-container\">\n\t\t\t\t\t<h2 class=\"elementor-heading-title elementor-size-default\">Ubicaci\u00f3n de la Reserva en Google maps<\/h2>\t\t\t\t<\/div>\n\t\t\t\t<\/div>\n\t\t\t\t<div class=\"elementor-element elementor-element-e0291c7 elementor-align-center elementor-widget elementor-widget-button\" data-id=\"e0291c7\" data-element_type=\"widget\" data-widget_type=\"button.default\">\n\t\t\t\t<div class=\"elementor-widget-container\">\n\t\t\t\t\t\t\t\t\t<div class=\"elementor-button-wrapper\">\n\t\t\t\t\t<a class=\"elementor-button elementor-button-link elementor-size-sm\" href=\"https:\/\/maps.app.goo.gl\/eRaXqVjqEjcSpHci9\" target=\"_blank\">\n\t\t\t\t\t\t<span class=\"elementor-button-content-wrapper\">\n\t\t\t\t\t\t\t\t\t<span class=\"elementor-button-text\">PINCHA AQU\u00cd<\/span>\n\t\t\t\t\t<\/span>\n\t\t\t\t\t<\/a>\n\t\t\t\t<\/div>\n\t\t\t\t\t\t\t\t<\/div>\n\t\t\t\t<\/div>\n\t\t\t\t<div class=\"elementor-element elementor-element-afbe48f elementor-widget elementor-widget-spacer\" data-id=\"afbe48f\" data-element_type=\"widget\" data-widget_type=\"spacer.default\">\n\t\t\t\t<div class=\"elementor-widget-container\">\n\t\t\t\t\t\t\t<div class=\"elementor-spacer\">\n\t\t\t<div class=\"elementor-spacer-inner\"><\/div>\n\t\t<\/div>\n\t\t\t\t\t\t<\/div>\n\t\t\t\t<\/div>\n\t\t\t\t\t<\/div>\n\t\t\t\t<\/div>\n\t\t<div class=\"elementor-element elementor-element-b5d8f4a e-con-full e-flex e-con e-parent\" data-id=\"b5d8f4a\" data-element_type=\"container\">\n\t\t<div class=\"elementor-element elementor-element-ecb01d6 e-flex e-con-boxed e-con e-child\" data-id=\"ecb01d6\" data-element_type=\"container\">\n\t\t\t\t\t<div class=\"e-con-inner\">\n\t\t\t\t<div class=\"elementor-element elementor-element-d49927e elementor-widget elementor-widget-heading\" data-id=\"d49927e\" data-element_type=\"widget\" data-widget_type=\"heading.default\">\n\t\t\t\t<div class=\"elementor-widget-container\">\n\t\t\t\t\t<h2 class=\"elementor-heading-title elementor-size-default\">Tu camino a La Reserva<\/h2>\t\t\t\t<\/div>\n\t\t\t\t<\/div>\n\t\t<div class=\"elementor-element elementor-element-c977e7f e-con-full e-flex elementor-invisible e-con e-child\" data-id=\"c977e7f\" data-element_type=\"container\" data-settings=\"{&quot;animation&quot;:&quot;fadeInDown&quot;}\">\n\t\t\t\t<div class=\"elementor-element elementor-element-047aafb elementor-widget elementor-widget-heading\" data-id=\"047aafb\" data-element_type=\"widget\" data-widget_type=\"heading.default\">\n\t\t\t\t<div class=\"elementor-widget-container\">\n\t\t\t\t\t<h2 class=\"elementor-heading-title elementor-size-default\">Ruta desde Parque Arauco<\/h2>\t\t\t\t<\/div>\n\t\t\t\t<\/div>\n\t\t<div class=\"elementor-element elementor-element-b33aab3 e-con-full e-flex e-con e-child\" data-id=\"b33aab3\" data-element_type=\"container\">\n\t\t<div class=\"elementor-element elementor-element-f2e3436 e-con-full e-flex e-con e-child\" data-id=\"f2e3436\" data-element_type=\"container\">\n\t\t\t\t<div class=\"elementor-element elementor-element-8bd98fb elementor-widget elementor-widget-text-editor\" data-id=\"8bd98fb\" data-element_type=\"widget\" data-widget_type=\"text-editor.default\">\n\t\t\t\t<div class=\"elementor-widget-container\">\n\t\t\t\t\t\t\t\t\t<p><strong>Duraci\u00f3n:<\/strong> 17 min (21,0 km)<br \/><strong>Ruta m\u00e1s r\u00e1pida con tr\u00e1fico habitual<\/strong><br \/><strong>Incluye peajes<\/strong><\/p><ol><li><strong>Inicio en Parque Arauco<\/strong> (Av. Pdte. Kennedy 5392-5320, Vitacura, Regi\u00f3n Metropolitana).<\/li><li><strong>Acceso a la Autopista Nororiente<\/strong> desde la Autopista Vespucio Oriente:<ul><li>Dir\u00edgete al suroeste por Av. Pdte. Kennedy.<\/li><li>Toma la salida hacia la Autopista Vespucio Oriente.<\/li><li>Gira a la derecha con direcci\u00f3n a Autopista Vespucio Oriente.<\/li><li>Usa el carril izquierdo para tomar la v\u00eda de acceso en direcci\u00f3n a Chicureo\/Ruta 5.<\/li><\/ul><\/li><li><strong>Contin\u00faa por la Autopista Nororiente<\/strong> durante 9 minutos (14,7 km) hasta tomar la salida hacia Chamisero\/La Reserva.<\/li><li><strong>Llegada a La Reserva<\/strong>:<ul><li>Incorp\u00f3rate a Av. El Valle y sigue las indicaciones hacia Av. Central.<\/li><li>Gira a la izquierda hacia Alba 2 Sur y luego sigue por Casas del Alba.<\/li><li>Finalmente, gira a la derecha hacia Parque Central.<\/li><\/ul><\/li><\/ol>\t\t\t\t\t\t\t\t<\/div>\n\t\t\t\t<\/div>\n\t\t\t\t<\/div>\n\t\t<div class=\"elementor-element elementor-element-448cd74 e-con-full e-flex e-con e-child\" data-id=\"448cd74\" data-element_type=\"container\">\n\t\t\t\t<div class=\"elementor-element elementor-element-78be3c9 elementor-widget elementor-widget-image\" data-id=\"78be3c9\" data-element_type=\"widget\" data-widget_type=\"image.default\">\n\t\t\t\t<div class=\"elementor-widget-container\">\n\t\t\t\t\t\t\t\t\t\t\t\t\t\t\t<img fetchpriority=\"high\" decoding=\"async\" width=\"600\" height=\"600\" src=\"https:\/\/lareserva.cl\/sitio\/wp-content\/uploads\/2024\/09\/parque-lareserva.png\" class=\"attachment-large size-large wp-image-197\" alt=\"ruta desde el Parque Arauco hasta La Reserva\" srcset=\"https:\/\/lareserva.cl\/sitio\/wp-content\/uploads\/2024\/09\/parque-lareserva.png 600w, https:\/\/lareserva.cl\/sitio\/wp-content\/uploads\/2024\/09\/parque-lareserva-300x300.png 300w, https:\/\/lareserva.cl\/sitio\/wp-content\/uploads\/2024\/09\/parque-lareserva-150x150.png 150w\" sizes=\"(max-width: 600px) 100vw, 600px\" \/>\t\t\t\t\t\t\t\t\t\t\t\t\t\t\t<\/div>\n\t\t\t\t<\/div>\n\t\t\t\t<\/div>\n\t\t\t\t<\/div>\n\t\t\t\t<\/div>\n\t\t<div class=\"elementor-element elementor-element-1545b4e e-con-full e-flex elementor-invisible e-con e-child\" data-id=\"1545b4e\" data-element_type=\"container\" data-settings=\"{&quot;animation&quot;:&quot;fadeInDown&quot;}\">\n\t\t\t\t<div class=\"elementor-element elementor-element-60fe22d elementor-widget elementor-widget-heading\" data-id=\"60fe22d\" data-element_type=\"widget\" data-widget_type=\"heading.default\">\n\t\t\t\t<div class=\"elementor-widget-container\">\n\t\t\t\t\t<h2 class=\"elementor-heading-title elementor-size-default\">Ruta desde Costanera Center<\/h2>\t\t\t\t<\/div>\n\t\t\t\t<\/div>\n\t\t<div class=\"elementor-element elementor-element-f0540f0 e-con-full e-flex e-con e-child\" data-id=\"f0540f0\" data-element_type=\"container\">\n\t\t<div class=\"elementor-element elementor-element-5a13db9 e-con-full e-flex e-con e-child\" data-id=\"5a13db9\" data-element_type=\"container\">\n\t\t\t\t<div class=\"elementor-element elementor-element-8f1c209 elementor-widget elementor-widget-image\" data-id=\"8f1c209\" data-element_type=\"widget\" data-widget_type=\"image.default\">\n\t\t\t\t<div class=\"elementor-widget-container\">\n\t\t\t\t\t\t\t\t\t\t\t\t\t\t\t<img decoding=\"async\" width=\"600\" height=\"600\" src=\"https:\/\/lareserva.cl\/sitio\/wp-content\/uploads\/2024\/09\/costanera-lareserva.png\" class=\"attachment-large size-large wp-image-198\" alt=\"ruta desde costanera hasta la reserva\" srcset=\"https:\/\/lareserva.cl\/sitio\/wp-content\/uploads\/2024\/09\/costanera-lareserva.png 600w, https:\/\/lareserva.cl\/sitio\/wp-content\/uploads\/2024\/09\/costanera-lareserva-300x300.png 300w, https:\/\/lareserva.cl\/sitio\/wp-content\/uploads\/2024\/09\/costanera-lareserva-150x150.png 150w\" sizes=\"(max-width: 600px) 100vw, 600px\" \/>\t\t\t\t\t\t\t\t\t\t\t\t\t\t\t<\/div>\n\t\t\t\t<\/div>\n\t\t\t\t<\/div>\n\t\t<div class=\"elementor-element elementor-element-95d8953 e-con-full e-flex e-con e-child\" data-id=\"95d8953\" data-element_type=\"container\">\n\t\t\t\t<div class=\"elementor-element elementor-element-52154df elementor-widget elementor-widget-text-editor\" data-id=\"52154df\" data-element_type=\"widget\" data-widget_type=\"text-editor.default\">\n\t\t\t\t<div class=\"elementor-widget-container\">\n\t\t\t\t\t\t\t\t\t<p><strong>Duraci\u00f3n:<\/strong> 21 min (21,7 km)<br \/><strong>Ruta r\u00e1pida sin tr\u00e1fico<\/strong><br \/><strong>Incluye peajes<\/strong><\/p><ol><li><strong>Inicio en Costanera Center<\/strong> (Av. Andr\u00e9s Bello 2425, Providencia, Regi\u00f3n Metropolitana).<\/li><li><strong>Acceso a la Autopista Vespucio Norte\/Ruta 70<\/strong>:<ul><li>Dir\u00edgete al nordeste hacia Av. Andr\u00e9s Bello.<\/li><li>Gira a la izquierda hacia Av. Andr\u00e9s Bello.<\/li><li>Gira a la derecha hacia Puente Los Leones.<\/li><li>Usa el carril izquierdo para incorporarte a Av. Santa Mar\u00eda.<\/li><li>Contin\u00faa por Av. El Cerro hasta llegar al T\u00fanel San Crist\u00f3bal.<\/li><\/ul><\/li><li><strong>Sigue por Autopista Vespucio Norte y Autopista Los Libertadores<\/strong>:<ul><li>Contin\u00faa por la Autopista Vespucio Norte\/Ruta 70 durante 9,6 km.<\/li><li>Toma la salida 7B en direcci\u00f3n a Los Andes\/Colina y sigue por la Autopista Los Libertadores\/Ruta 57.<\/li><li>Sal por Av. del Valle\/Av. El Valle en direcci\u00f3n a Las Canteras.<\/li><\/ul><\/li><li><strong>Llegada a La Reserva<\/strong>:<ul><li>Incorp\u00f3rate a Av. El Valle y sigue por 1,6 km.<\/li><li>Gira a la derecha en Av. Central y luego a la derecha hacia Parque Central.<\/li><\/ul><\/li><\/ol>\t\t\t\t\t\t\t\t<\/div>\n\t\t\t\t<\/div>\n\t\t\t\t<\/div>\n\t\t\t\t<\/div>\n\t\t\t\t<\/div>\n\t\t<div class=\"elementor-element elementor-element-f225e4d e-con-full e-flex elementor-invisible e-con e-child\" data-id=\"f225e4d\" data-element_type=\"container\" data-settings=\"{&quot;animation&quot;:&quot;fadeInDown&quot;}\">\n\t\t\t\t<div class=\"elementor-element elementor-element-773035e elementor-widget elementor-widget-heading\" data-id=\"773035e\" data-element_type=\"widget\" data-widget_type=\"heading.default\">\n\t\t\t\t<div class=\"elementor-widget-container\">\n\t\t\t\t\t<h2 class=\"elementor-heading-title elementor-size-default\">Ruta desde La Moneda<\/h2>\t\t\t\t<\/div>\n\t\t\t\t<\/div>\n\t\t<div class=\"elementor-element elementor-element-e84f211 e-con-full e-flex e-con e-child\" data-id=\"e84f211\" data-element_type=\"container\">\n\t\t<div class=\"elementor-element elementor-element-ddc6a88 e-con-full e-flex e-con e-child\" data-id=\"ddc6a88\" data-element_type=\"container\">\n\t\t\t\t<div class=\"elementor-element elementor-element-5229cf7 elementor-widget elementor-widget-text-editor\" data-id=\"5229cf7\" data-element_type=\"widget\" data-widget_type=\"text-editor.default\">\n\t\t\t\t<div class=\"elementor-widget-container\">\n\t\t\t\t\t\t\t\t\t<p><strong>Duraci\u00f3n:<\/strong> 20 min (22,5 km)<br \/><strong>Ruta m\u00e1s r\u00e1pida con tr\u00e1fico habitual<\/strong><br \/><strong>Incluye peajes<\/strong><\/p><ol><li><strong>Inicio en La Moneda<\/strong> (Santiago, Regi\u00f3n Metropolitana).<\/li><li><strong>Acceso a la Autopista Central\/Ruta 5<\/strong>:<ul><li>Dir\u00edgete al oeste por Av. Libertador Bernardo O&#8217;Higgins.<\/li><li>Gira a la derecha hacia Av. Manuel Rodr\u00edguez.<\/li><li>Usa el carril izquierdo para tomar la v\u00eda de acceso en direcci\u00f3n al norte.<\/li><\/ul><\/li><li><strong>Contin\u00faa por Autopista Central\/Ruta 5 y Autopista Los Libertadores<\/strong>:<ul><li>Incorp\u00f3rate a la Autopista Central\/Ruta 5 y sigue por 8,7 km.<\/li><li>Toma la salida hacia Las Condes y luego incorp\u00f3rate a la Autopista Vespucio Norte\/Ruta 70.<\/li><li>Toma la salida 7B hacia Los Andes\/Colina y contin\u00faa por la Autopista Los Libertadores\/Ruta 57.<\/li><li>Sal por Av. del Valle\/Av. El Valle en direcci\u00f3n a Las Canteras.<\/li><\/ul><\/li><li><strong>Llegada a La Reserva<\/strong>:<ul><li>Incorp\u00f3rate a Av. El Valle y sigue por 1,6 km.<\/li><li>Gira a la derecha en Av. Central y luego a la derecha hacia Parque Central.<\/li><\/ul><\/li><\/ol>\t\t\t\t\t\t\t\t<\/div>\n\t\t\t\t<\/div>\n\t\t\t\t<\/div>\n\t\t<div class=\"elementor-element elementor-element-8440606 e-con-full e-flex e-con e-child\" data-id=\"8440606\" data-element_type=\"container\">\n\t\t\t\t<div class=\"elementor-element elementor-element-68e4feb elementor-widget elementor-widget-image\" data-id=\"68e4feb\" data-element_type=\"widget\" data-widget_type=\"image.default\">\n\t\t\t\t<div class=\"elementor-widget-container\">\n\t\t\t\t\t\t\t\t\t\t\t\t\t\t\t<img decoding=\"async\" width=\"600\" height=\"600\" src=\"https:\/\/lareserva.cl\/sitio\/wp-content\/uploads\/2024\/09\/lamoneda-lareserva.png\" class=\"attachment-large size-large wp-image-204\" alt=\"ruta desde la moneda hasta la reserva\" srcset=\"https:\/\/lareserva.cl\/sitio\/wp-content\/uploads\/2024\/09\/lamoneda-lareserva.png 600w, https:\/\/lareserva.cl\/sitio\/wp-content\/uploads\/2024\/09\/lamoneda-lareserva-300x300.png 300w, https:\/\/lareserva.cl\/sitio\/wp-content\/uploads\/2024\/09\/lamoneda-lareserva-150x150.png 150w\" sizes=\"(max-width: 600px) 100vw, 600px\" \/>\t\t\t\t\t\t\t\t\t\t\t\t\t\t\t<\/div>\n\t\t\t\t<\/div>\n\t\t\t\t<\/div>\n\t\t\t\t<\/div>\n\t\t\t\t<\/div>\n\t\t<div class=\"elementor-element elementor-element-f05f596 e-con-full e-flex elementor-invisible e-con e-child\" data-id=\"f05f596\" data-element_type=\"container\" data-settings=\"{&quot;animation&quot;:&quot;fadeInDown&quot;}\">\n\t\t\t\t<div class=\"elementor-element elementor-element-7dea1a5 elementor-widget elementor-widget-heading\" data-id=\"7dea1a5\" data-element_type=\"widget\" data-widget_type=\"heading.default\">\n\t\t\t\t<div class=\"elementor-widget-container\">\n\t\t\t\t\t<h2 class=\"elementor-heading-title elementor-size-default\">Ruta desde Aeropuerto Internacional de Santiago<\/h2>\t\t\t\t<\/div>\n\t\t\t\t<\/div>\n\t\t<div class=\"elementor-element elementor-element-47238d9 e-con-full e-flex e-con e-child\" data-id=\"47238d9\" data-element_type=\"container\">\n\t\t<div class=\"elementor-element elementor-element-edd3d7a e-con-full e-flex e-con e-child\" data-id=\"edd3d7a\" data-element_type=\"container\">\n\t\t\t\t<div class=\"elementor-element elementor-element-abc119d elementor-widget elementor-widget-image\" data-id=\"abc119d\" data-element_type=\"widget\" data-widget_type=\"image.default\">\n\t\t\t\t<div class=\"elementor-widget-container\">\n\t\t\t\t\t\t\t\t\t\t\t\t\t\t\t<img loading=\"lazy\" decoding=\"async\" width=\"600\" height=\"600\" src=\"https:\/\/lareserva.cl\/sitio\/wp-content\/uploads\/2024\/09\/aero-laresrva.png\" class=\"attachment-large size-large wp-image-203\" alt=\"ruta desde el aeropuerto hasta la reserva\" srcset=\"https:\/\/lareserva.cl\/sitio\/wp-content\/uploads\/2024\/09\/aero-laresrva.png 600w, https:\/\/lareserva.cl\/sitio\/wp-content\/uploads\/2024\/09\/aero-laresrva-300x300.png 300w, https:\/\/lareserva.cl\/sitio\/wp-content\/uploads\/2024\/09\/aero-laresrva-150x150.png 150w\" sizes=\"(max-width: 600px) 100vw, 600px\" \/>\t\t\t\t\t\t\t\t\t\t\t\t\t\t\t<\/div>\n\t\t\t\t<\/div>\n\t\t\t\t<\/div>\n\t\t<div class=\"elementor-element elementor-element-989e215 e-con-full e-flex e-con e-child\" data-id=\"989e215\" data-element_type=\"container\">\n\t\t\t\t<div class=\"elementor-element elementor-element-dfa77ee elementor-widget elementor-widget-text-editor\" data-id=\"dfa77ee\" data-element_type=\"widget\" data-widget_type=\"text-editor.default\">\n\t\t\t\t<div class=\"elementor-widget-container\">\n\t\t\t\t\t\t\t\t\t<p><strong>Duraci\u00f3n:<\/strong> 23 min (28,4 km)<br \/><strong>Ruta m\u00e1s r\u00e1pida con tr\u00e1fico habitual<\/strong><br \/><strong>Incluye peajes<\/strong><\/p><ol><li><strong>Inicio en el Aeropuerto Internacional de Santiago<\/strong> (Av. Armando Cort\u00ednez Ote. 1704, Pudahuel, Regi\u00f3n Metropolitana).<\/li><li><strong>Acceso a Autopista Vespucio Norte\/Ruta 70<\/strong>:<ul><li>Dir\u00edgete al oeste por Av. Armando Cort\u00ednez.<\/li><li>Usa el carril derecho para tomar la v\u00eda de acceso en direcci\u00f3n a Las Condes.<\/li><li>Contin\u00faa por 5 km en direcci\u00f3n a la Autopista Vespucio Norte.<\/li><\/ul><\/li><li><strong>Contin\u00faa por Autopista Vespucio Norte\/Ruta 70 y Autopista Los Libertadores\/Ruta 57<\/strong>:<ul><li>Incorp\u00f3rate a la Autopista Vespucio Norte y sigue por 12,3 km.<\/li><li>Toma la salida 7B hacia Los Andes\/Colina y contin\u00faa por la Autopista Los Libertadores.<\/li><li>Sigue por 7,1 km en la Autopista Los Libertadores hasta la salida Av. del Valle\/Av. El Valle en direcci\u00f3n a Las Canteras.<\/li><\/ul><\/li><li><strong>Llegada a La Reserva<\/strong>:<ul><li>Incorp\u00f3rate a Av. del Valle y sigue por 1,6 km.<\/li><li>Gira a la derecha hacia Av. Central y luego a la derecha hacia Parque Central.<\/li><\/ul><\/li><\/ol>\t\t\t\t\t\t\t\t<\/div>\n\t\t\t\t<\/div>\n\t\t\t\t<\/div>\n\t\t\t\t<\/div>\n\t\t\t\t<\/div>\n\t\t\t\t\t<\/div>\n\t\t\t\t<\/div>\n\t\t<div class=\"elementor-element elementor-element-238494b e-flex e-con-boxed elementor-invisible e-con e-child\" data-id=\"238494b\" data-element_type=\"container\" data-settings=\"{&quot;animation&quot;:&quot;fadeInDown&quot;}\">\n\t\t\t\t\t<div class=\"e-con-inner\">\n\t\t\t\t<div class=\"elementor-element elementor-element-1730f54 elementor-widget elementor-widget-heading\" data-id=\"1730f54\" data-element_type=\"widget\" data-widget_type=\"heading.default\">\n\t\t\t\t<div class=\"elementor-widget-container\">\n\t\t\t\t\t<h2 class=\"elementor-heading-title elementor-size-default\">Ruta desde Plaza \u00d1u\u00f1oa<\/h2>\t\t\t\t<\/div>\n\t\t\t\t<\/div>\n\t\t<div class=\"elementor-element elementor-element-d69a45c e-con-full e-flex e-con e-child\" data-id=\"d69a45c\" data-element_type=\"container\">\n\t\t<div class=\"elementor-element elementor-element-688ead5 e-con-full e-flex e-con e-child\" data-id=\"688ead5\" data-element_type=\"container\">\n\t\t\t\t<div class=\"elementor-element elementor-element-c9aa80e elementor-widget elementor-widget-text-editor\" data-id=\"c9aa80e\" data-element_type=\"widget\" data-widget_type=\"text-editor.default\">\n\t\t\t\t<div class=\"elementor-widget-container\">\n\t\t\t\t\t\t\t\t\t<p><strong>Duraci\u00f3n:<\/strong> 34 min (26,2 km)<br \/><strong>Incluye peajes<\/strong><\/p><ol><li><strong>Inicio en Plaza \u00d1u\u00f1oa<\/strong> (Av. Irarr\u00e1zaval 3490, \u00d1u\u00f1oa, Regi\u00f3n Metropolitana).<\/li><li><strong>Acceso a Autopista Vespucio Norte\/Ruta 70<\/strong>:<ul><li>Dir\u00edgete al oeste por Av. Irarr\u00e1zaval hacia \u00c1ngel Pino.<\/li><li>Gira a la derecha en Chile Espa\u00f1a y sigue por 650 m.<\/li><li>Gira a la izquierda en Gral. Jos\u00e9 Artigas y contin\u00faa por 550 m.<\/li><li>Sigue por Av. Los Leones durante 2,7 km.<\/li><li>Mantente a la izquierda para permanecer en Av. Los Leones y luego contin\u00faa por Nueva Los Leones.<\/li><li>Cruza el Puente Los Leones y usa el carril izquierdo para incorporarte a Av. Sta. Mar\u00eda.<\/li><li>Gira a la izquierda para continuar por Av. Sta. Mar\u00eda y luego a la izquierda en Av. Albatros.<\/li><li>Usa cualquier carril para girar a la derecha hacia Av. El Cerro y contin\u00faa por el T\u00fanel San Crist\u00f3bal.<\/li><\/ul><\/li><li><strong>Contin\u00faa por Autopista Vespucio Norte\/Ruta 70 y Autopista Los Libertadores\/Ruta 57<\/strong>:<ul><li>Incorp\u00f3rate a la Autopista Vespucio Norte y sigue por 9,6 km.<\/li><li>Toma la salida 7B en direcci\u00f3n a Los Andes\/Colina y sigue por la Autopista Los Libertadores por 7,1 km.<\/li><li>Sal por Av. del Valle en direcci\u00f3n a Las Canteras.<\/li><\/ul><\/li><li><strong>Llegada a La Reserva<\/strong>:<ul><li>Incorp\u00f3rate a Av. del Valle y sigue por 1,6 km.<\/li><li>Gira a la derecha en Av. Central y contin\u00faa 1,6 km m\u00e1s.<\/li><li>Gira a la derecha en Parque Central para llegar a La Reserva.<\/li><\/ul><\/li><\/ol>\t\t\t\t\t\t\t\t<\/div>\n\t\t\t\t<\/div>\n\t\t\t\t<\/div>\n\t\t<div class=\"elementor-element elementor-element-a1a5e00 e-con-full e-flex e-con e-child\" data-id=\"a1a5e00\" data-element_type=\"container\">\n\t\t\t\t<div class=\"elementor-element elementor-element-05f172d elementor-widget elementor-widget-image\" data-id=\"05f172d\" data-element_type=\"widget\" data-widget_type=\"image.default\">\n\t\t\t\t<div class=\"elementor-widget-container\">\n\t\t\t\t\t\t\t\t\t\t\t\t\t\t\t<img loading=\"lazy\" decoding=\"async\" width=\"600\" height=\"600\" src=\"https:\/\/lareserva.cl\/sitio\/wp-content\/uploads\/2024\/10\/plaza-nunoa.png\" class=\"attachment-large size-large wp-image-265\" alt=\"\" srcset=\"https:\/\/lareserva.cl\/sitio\/wp-content\/uploads\/2024\/10\/plaza-nunoa.png 600w, https:\/\/lareserva.cl\/sitio\/wp-content\/uploads\/2024\/10\/plaza-nunoa-300x300.png 300w, https:\/\/lareserva.cl\/sitio\/wp-content\/uploads\/2024\/10\/plaza-nunoa-150x150.png 150w\" sizes=\"(max-width: 600px) 100vw, 600px\" \/>\t\t\t\t\t\t\t\t\t\t\t\t\t\t\t<\/div>\n\t\t\t\t<\/div>\n\t\t\t\t<\/div>\n\t\t\t\t<\/div>\n\t\t<div class=\"elementor-element elementor-element-94c42e7 e-con-full e-flex elementor-invisible e-con e-child\" data-id=\"94c42e7\" data-element_type=\"container\" data-settings=\"{&quot;animation&quot;:&quot;fadeInDown&quot;}\">\n\t\t\t\t<div class=\"elementor-element elementor-element-c70ec01 elementor-widget elementor-widget-heading\" data-id=\"c70ec01\" data-element_type=\"widget\" data-widget_type=\"heading.default\">\n\t\t\t\t<div class=\"elementor-widget-container\">\n\t\t\t\t\t<h2 class=\"elementor-heading-title elementor-size-default\">Ruta desde Av. La Dehesa con Av El Rodeo<\/h2>\t\t\t\t<\/div>\n\t\t\t\t<\/div>\n\t\t<div class=\"elementor-element elementor-element-0849433 e-con-full e-flex e-con e-child\" data-id=\"0849433\" data-element_type=\"container\">\n\t\t<div class=\"elementor-element elementor-element-b43998f e-con-full e-flex e-con e-child\" data-id=\"b43998f\" data-element_type=\"container\">\n\t\t\t\t<div class=\"elementor-element elementor-element-7e16ed8 elementor-widget elementor-widget-image\" data-id=\"7e16ed8\" data-element_type=\"widget\" data-widget_type=\"image.default\">\n\t\t\t\t<div class=\"elementor-widget-container\">\n\t\t\t\t\t\t\t\t\t\t\t\t\t\t\t<img loading=\"lazy\" decoding=\"async\" width=\"600\" height=\"600\" src=\"https:\/\/lareserva.cl\/sitio\/wp-content\/uploads\/2024\/10\/la-dehesa.jpg\" class=\"attachment-large size-large wp-image-266\" alt=\"\" srcset=\"https:\/\/lareserva.cl\/sitio\/wp-content\/uploads\/2024\/10\/la-dehesa.jpg 600w, https:\/\/lareserva.cl\/sitio\/wp-content\/uploads\/2024\/10\/la-dehesa-300x300.jpg 300w, https:\/\/lareserva.cl\/sitio\/wp-content\/uploads\/2024\/10\/la-dehesa-150x150.jpg 150w\" sizes=\"(max-width: 600px) 100vw, 600px\" \/>\t\t\t\t\t\t\t\t\t\t\t\t\t\t\t<\/div>\n\t\t\t\t<\/div>\n\t\t\t\t<\/div>\n\t\t<div class=\"elementor-element elementor-element-7d3f476 e-con-full e-flex e-con e-child\" data-id=\"7d3f476\" data-element_type=\"container\">\n\t\t\t\t<div class=\"elementor-element elementor-element-4c01249 elementor-widget elementor-widget-text-editor\" data-id=\"4c01249\" data-element_type=\"widget\" data-widget_type=\"text-editor.default\">\n\t\t\t\t<div class=\"elementor-widget-container\">\n\t\t\t\t\t\t\t\t\t<ul><li><strong>Inicio en La Dehesa<\/strong> (Av. Jos\u00e9 Alcalde D\u00e9lano, Lo Barnechea, Regi\u00f3n Metropolitana).<\/li><li><strong>Acceso a Autopista Costanera Norte<\/strong>:<ul><li>Dir\u00edgete al oeste por El Rodeo durante 350 m.<\/li><li>Contin\u00faa por Av. Jos\u00e9 Alcalde D\u00e9lano durante 1,4 km.<\/li><li>Mantente a la izquierda para seguir en Av. Jos\u00e9 Alcalde D\u00e9lano por 1,6 km.<\/li><li>Usa los dos carriles izquierdos para girar levemente a la izquierda en Sta. Teresa de Los Andes (1,4 km).<\/li><li>Usa los dos carriles derechos para tomar la v\u00eda de acceso a Costanera Norte en direcci\u00f3n al Poniente (150 m).<\/li><\/ul><\/li><li><strong>Contin\u00faa por Autopista Costanera Norte y Autopista Nororiente<\/strong>:<ul><li>Incorp\u00f3rate a Autopista Costanera Norte y sigue por 5,4 km (carretera con peajes).<\/li><li>Toma la salida 8 hacia Vespucio (400 m).<\/li><li>Usa el segundo carril desde la derecha para girar levemente a la derecha hacia la v\u00eda de acceso en direcci\u00f3n a Chicureo\/Ruta 5 (450 m, carretera con peajes).<\/li><li>Contin\u00faa por Autopista Nororiente durante 14,4 km (carretera con peajes).<\/li><li>Toma la salida hacia Chamisero\/La Reserva (300 m).<\/li><\/ul><\/li><li><strong>Llegada a La Reserva<\/strong>:<ul><li>Incorp\u00f3rate a Av. El Valle y sigue por 650 m.<\/li><li>Mantente a la derecha para permanecer en Av. El Valle durante 1,0 km.<\/li><li>Gira a la izquierda con direcci\u00f3n a Alba 2 Sur (400 m).<\/li><li>Alba 2 Sur gira levemente a la derecha y se convierte en Casas del Alba (120 m).<\/li><li>Gira a la izquierda con direcci\u00f3n a Av. Central (650 m).<\/li><li>Gira a la derecha en la primera intersecci\u00f3n hacia Parque Central (calle de uso restringido).<\/li><\/ul><\/li><\/ul>\t\t\t\t\t\t\t\t<\/div>\n\t\t\t\t<\/div>\n\t\t\t\t<\/div>\n\t\t\t\t<\/div>\n\t\t\t\t<\/div>\n\t\t\t\t\t<\/div>\n\t\t\t\t<\/div>\n\t\t\t\t<\/div>\n\t\t\t\t<\/div>\n\t\t","protected":false},"excerpt":{"rendered":"<p>Como llegar Ubicaci\u00f3n de la Reserva en Google maps PINCHA AQU\u00cd Tu camino a La Reserva Ruta desde Parque Arauco Duraci\u00f3n: 17 min (21,0 km)Ruta m\u00e1s r\u00e1pida con tr\u00e1fico habitualIncluye peajes Inicio en Parque Arauco (Av. Pdte. Kennedy 5392-5320, Vitacura, Regi\u00f3n Metropolitana). Acceso a la Autopista Nororiente desde la Autopista Vespucio Oriente: Dir\u00edgete al suroeste [&hellip;]<\/p>\n","protected":false},"author":1,"featured_media":0,"parent":0,"menu_order":0,"comment_status":"closed","ping_status":"closed","template":"elementor_header_footer","meta":{"footnotes":""},"class_list":["post-59","page","type-page","status-publish","hentry"],"yoast_head":"<!-- This site is optimized with the Yoast SEO plugin v24.3 - https:\/\/yoast.com\/wordpress\/plugins\/seo\/ -->\n<title>C\u00f3mo llegar - La Reserva<\/title>\n<meta name=\"robots\" content=\"index, follow, max-snippet:-1, max-image-preview:large, max-video-preview:-1\" \/>\n<link rel=\"canonical\" href=\"https:\/\/lareserva.cl\/sitio\/como-llegar\/\" \/>\n<meta property=\"og:locale\" content=\"es_ES\" \/>\n<meta property=\"og:type\" content=\"article\" \/>\n<meta property=\"og:title\" content=\"C\u00f3mo llegar - La Reserva\" \/>\n<meta property=\"og:description\" content=\"Como llegar Ubicaci\u00f3n de la Reserva en Google maps PINCHA AQU\u00cd Tu camino a La Reserva Ruta desde Parque Arauco Duraci\u00f3n: 17 min (21,0 km)Ruta m\u00e1s r\u00e1pida con tr\u00e1fico habitualIncluye peajes Inicio en Parque Arauco (Av. Pdte. Kennedy 5392-5320, Vitacura, Regi\u00f3n Metropolitana). Acceso a la Autopista Nororiente desde la Autopista Vespucio Oriente: Dir\u00edgete al suroeste [&hellip;]\" \/>\n<meta property=\"og:url\" content=\"https:\/\/lareserva.cl\/sitio\/como-llegar\/\" \/>\n<meta property=\"og:site_name\" content=\"La Reserva\" \/>\n<meta property=\"article:modified_time\" content=\"2024-10-09T02:05:31+00:00\" \/>\n<meta property=\"og:image\" content=\"https:\/\/lareserva.cl\/sitio\/wp-content\/uploads\/2024\/09\/parque-lareserva.png\" \/>\n<meta name=\"twitter:card\" content=\"summary_large_image\" \/>\n<meta name=\"twitter:label1\" content=\"Tiempo de lectura\" \/>\n\t<meta name=\"twitter:data1\" content=\"7 minutos\" \/>\n<script type=\"application\/ld+json\" class=\"yoast-schema-graph\">{\"@context\":\"https:\/\/schema.org\",\"@graph\":[{\"@type\":\"WebPage\",\"@id\":\"https:\/\/lareserva.cl\/sitio\/como-llegar\/\",\"url\":\"https:\/\/lareserva.cl\/sitio\/como-llegar\/\",\"name\":\"C\u00f3mo llegar - La Reserva\",\"isPartOf\":{\"@id\":\"https:\/\/lareserva.cl\/sitio\/#website\"},\"primaryImageOfPage\":{\"@id\":\"https:\/\/lareserva.cl\/sitio\/como-llegar\/#primaryimage\"},\"image\":{\"@id\":\"https:\/\/lareserva.cl\/sitio\/como-llegar\/#primaryimage\"},\"thumbnailUrl\":\"https:\/\/lareserva.cl\/sitio\/wp-content\/uploads\/2024\/09\/parque-lareserva.png\",\"datePublished\":\"2024-09-12T20:06:14+00:00\",\"dateModified\":\"2024-10-09T02:05:31+00:00\",\"breadcrumb\":{\"@id\":\"https:\/\/lareserva.cl\/sitio\/como-llegar\/#breadcrumb\"},\"inLanguage\":\"es\",\"potentialAction\":[{\"@type\":\"ReadAction\",\"target\":[\"https:\/\/lareserva.cl\/sitio\/como-llegar\/\"]}]},{\"@type\":\"ImageObject\",\"inLanguage\":\"es\",\"@id\":\"https:\/\/lareserva.cl\/sitio\/como-llegar\/#primaryimage\",\"url\":\"https:\/\/lareserva.cl\/sitio\/wp-content\/uploads\/2024\/09\/parque-lareserva.png\",\"contentUrl\":\"https:\/\/lareserva.cl\/sitio\/wp-content\/uploads\/2024\/09\/parque-lareserva.png\",\"width\":600,\"height\":600,\"caption\":\"ruta desde el Parque Arauco hasta La Reserva\"},{\"@type\":\"BreadcrumbList\",\"@id\":\"https:\/\/lareserva.cl\/sitio\/como-llegar\/#breadcrumb\",\"itemListElement\":[{\"@type\":\"ListItem\",\"position\":1,\"name\":\"Portada\",\"item\":\"https:\/\/lareserva.cl\/sitio\/\"},{\"@type\":\"ListItem\",\"position\":2,\"name\":\"C\u00f3mo llegar\"}]},{\"@type\":\"WebSite\",\"@id\":\"https:\/\/lareserva.cl\/sitio\/#website\",\"url\":\"https:\/\/lareserva.cl\/sitio\/\",\"name\":\"La Reserva\",\"description\":\"My WordPress Blog\",\"publisher\":{\"@id\":\"https:\/\/lareserva.cl\/sitio\/#organization\"},\"potentialAction\":[{\"@type\":\"SearchAction\",\"target\":{\"@type\":\"EntryPoint\",\"urlTemplate\":\"https:\/\/lareserva.cl\/sitio\/?s={search_term_string}\"},\"query-input\":{\"@type\":\"PropertyValueSpecification\",\"valueRequired\":true,\"valueName\":\"search_term_string\"}}],\"inLanguage\":\"es\"},{\"@type\":\"Organization\",\"@id\":\"https:\/\/lareserva.cl\/sitio\/#organization\",\"name\":\"La Reserva\",\"url\":\"https:\/\/lareserva.cl\/sitio\/\",\"logo\":{\"@type\":\"ImageObject\",\"inLanguage\":\"es\",\"@id\":\"https:\/\/lareserva.cl\/sitio\/#\/schema\/logo\/image\/\",\"url\":\"https:\/\/lareserva.cl\/sitio\/wp-content\/uploads\/2024\/09\/cropped-logo-la-reserrva.jpg\",\"contentUrl\":\"https:\/\/lareserva.cl\/sitio\/wp-content\/uploads\/2024\/09\/cropped-logo-la-reserrva.jpg\",\"width\":157,\"height\":135,\"caption\":\"La Reserva\"},\"image\":{\"@id\":\"https:\/\/lareserva.cl\/sitio\/#\/schema\/logo\/image\/\"}}]}<\/script>\n<!-- \/ Yoast SEO plugin. -->","yoast_head_json":{"title":"C\u00f3mo llegar - La Reserva","robots":{"index":"index","follow":"follow","max-snippet":"max-snippet:-1","max-image-preview":"max-image-preview:large","max-video-preview":"max-video-preview:-1"},"canonical":"https:\/\/lareserva.cl\/sitio\/como-llegar\/","og_locale":"es_ES","og_type":"article","og_title":"C\u00f3mo llegar - La Reserva","og_description":"Como llegar Ubicaci\u00f3n de la Reserva en Google maps PINCHA AQU\u00cd Tu camino a La Reserva Ruta desde Parque Arauco Duraci\u00f3n: 17 min (21,0 km)Ruta m\u00e1s r\u00e1pida con tr\u00e1fico habitualIncluye peajes Inicio en Parque Arauco (Av. Pdte. Kennedy 5392-5320, Vitacura, Regi\u00f3n Metropolitana). Acceso a la Autopista Nororiente desde la Autopista Vespucio Oriente: Dir\u00edgete al suroeste [&hellip;]","og_url":"https:\/\/lareserva.cl\/sitio\/como-llegar\/","og_site_name":"La Reserva","article_modified_time":"2024-10-09T02:05:31+00:00","og_image":[{"url":"https:\/\/lareserva.cl\/sitio\/wp-content\/uploads\/2024\/09\/parque-lareserva.png","type":"","width":"","height":""}],"twitter_card":"summary_large_image","twitter_misc":{"Tiempo de lectura":"7 minutos"},"schema":{"@context":"https:\/\/schema.org","@graph":[{"@type":"WebPage","@id":"https:\/\/lareserva.cl\/sitio\/como-llegar\/","url":"https:\/\/lareserva.cl\/sitio\/como-llegar\/","name":"C\u00f3mo llegar - La Reserva","isPartOf":{"@id":"https:\/\/lareserva.cl\/sitio\/#website"},"primaryImageOfPage":{"@id":"https:\/\/lareserva.cl\/sitio\/como-llegar\/#primaryimage"},"image":{"@id":"https:\/\/lareserva.cl\/sitio\/como-llegar\/#primaryimage"},"thumbnailUrl":"https:\/\/lareserva.cl\/sitio\/wp-content\/uploads\/2024\/09\/parque-lareserva.png","datePublished":"2024-09-12T20:06:14+00:00","dateModified":"2024-10-09T02:05:31+00:00","breadcrumb":{"@id":"https:\/\/lareserva.cl\/sitio\/como-llegar\/#breadcrumb"},"inLanguage":"es","potentialAction":[{"@type":"ReadAction","target":["https:\/\/lareserva.cl\/sitio\/como-llegar\/"]}]},{"@type":"ImageObject","inLanguage":"es","@id":"https:\/\/lareserva.cl\/sitio\/como-llegar\/#primaryimage","url":"https:\/\/lareserva.cl\/sitio\/wp-content\/uploads\/2024\/09\/parque-lareserva.png","contentUrl":"https:\/\/lareserva.cl\/sitio\/wp-content\/uploads\/2024\/09\/parque-lareserva.png","width":600,"height":600,"caption":"ruta desde el Parque Arauco hasta La Reserva"},{"@type":"BreadcrumbList","@id":"https:\/\/lareserva.cl\/sitio\/como-llegar\/#breadcrumb","itemListElement":[{"@type":"ListItem","position":1,"name":"Portada","item":"https:\/\/lareserva.cl\/sitio\/"},{"@type":"ListItem","position":2,"name":"C\u00f3mo llegar"}]},{"@type":"WebSite","@id":"https:\/\/lareserva.cl\/sitio\/#website","url":"https:\/\/lareserva.cl\/sitio\/","name":"La Reserva","description":"My WordPress Blog","publisher":{"@id":"https:\/\/lareserva.cl\/sitio\/#organization"},"potentialAction":[{"@type":"SearchAction","target":{"@type":"EntryPoint","urlTemplate":"https:\/\/lareserva.cl\/sitio\/?s={search_term_string}"},"query-input":{"@type":"PropertyValueSpecification","valueRequired":true,"valueName":"search_term_string"}}],"inLanguage":"es"},{"@type":"Organization","@id":"https:\/\/lareserva.cl\/sitio\/#organization","name":"La Reserva","url":"https:\/\/lareserva.cl\/sitio\/","logo":{"@type":"ImageObject","inLanguage":"es","@id":"https:\/\/lareserva.cl\/sitio\/#\/schema\/logo\/image\/","url":"https:\/\/lareserva.cl\/sitio\/wp-content\/uploads\/2024\/09\/cropped-logo-la-reserrva.jpg","contentUrl":"https:\/\/lareserva.cl\/sitio\/wp-content\/uploads\/2024\/09\/cropped-logo-la-reserrva.jpg","width":157,"height":135,"caption":"La Reserva"},"image":{"@id":"https:\/\/lareserva.cl\/sitio\/#\/schema\/logo\/image\/"}}]}},"_links":{"self":[{"href":"https:\/\/lareserva.cl\/sitio\/wp-json\/wp\/v2\/pages\/59","targetHints":{"allow":["GET"]}}],"collection":[{"href":"https:\/\/lareserva.cl\/sitio\/wp-json\/wp\/v2\/pages"}],"about":[{"href":"https:\/\/lareserva.cl\/sitio\/wp-json\/wp\/v2\/types\/page"}],"author":[{"embeddable":true,"href":"https:\/\/lareserva.cl\/sitio\/wp-json\/wp\/v2\/users\/1"}],"replies":[{"embeddable":true,"href":"https:\/\/lareserva.cl\/sitio\/wp-json\/wp\/v2\/comments?post=59"}],"version-history":[{"count":16,"href":"https:\/\/lareserva.cl\/sitio\/wp-json\/wp\/v2\/pages\/59\/revisions"}],"predecessor-version":[{"id":269,"href":"https:\/\/lareserva.cl\/sitio\/wp-json\/wp\/v2\/pages\/59\/revisions\/269"}],"wp:attachment":[{"href":"https:\/\/lareserva.cl\/sitio\/wp-json\/wp\/v2\/media?parent=59"}],"curies":[{"name":"wp","href":"https:\/\/api.w.org\/{rel}","templated":true}]}}